{"id":47,"date":"2025-07-29T22:21:14","date_gmt":"2025-07-29T22:21:14","guid":{"rendered":"https:\/\/feda.com.ec\/aula\/home\/"},"modified":"2025-09-01T21:11:09","modified_gmt":"2025-09-01T21:11:09","slug":"home","status":"publish","type":"page","link":"https:\/\/feda.com.ec\/aula\/","title":{"rendered":"Home"},"content":{"rendered":"\n\n\n\n<h5>Desbloquea tu potencial<\/h5>\n\n\n<h1>educaci\u00f3n para el<\/h1>\n\n\n<h1>futuro aduanero<\/h1>\n\n\n<p><br><strong>Formamos al agente aduanero del futuro, con excelencia t\u00e9cnica, integraci\u00f3n regional y liderazgo global.<\/strong><\/p>\n\n\n\n\n\n\n<p><span style=\"color: rgb(255, 255, 255);\">Accede a normas, gu\u00edas, casos reales y recursos t\u00e9cnicos descargables.\n<\/span><\/p>\n\n\n<p><span style=\"color: rgb(255, 255, 255);\">Aprende con instructores certificados por OMA, ALADI y organismos CAN.\n<\/span><\/p>\n\n\n<p><span style=\"color: rgb(255, 255, 255);\">Recibe diplomas con sello FEDA\u2013ASAPRA y validez en el sector aduanero.\n<\/span><\/p>\n\n\n<p><span style=\"color: rgb(255, 255, 255);\">Accede a descuentos exclusivos y continuidad de estudios.\n<\/span><\/p>\n\n\n\n\n\n\n\n\n\n<h5>\ud83c\udf93 Sobre nuestra plataforma<\/h5>\n<h1>Conoce el Aula Virtual FEDA<\/h1>\n<p>Como presidenta de la Federaci\u00f3n Ecuatoriana de Agentes de Aduana, es un honor presentar este espacio de formaci\u00f3n que nace con una misi\u00f3n clara: profesionalizar al agente de aduana y fortalecer el rol t\u00e9cnico del comercio exterior ecuatoriano y regional.<\/p>\n<p>El Aula Virtual FEDA es m\u00e1s que una plataforma: es una herramienta de transformaci\u00f3n gremial. Aqu\u00ed se combinan la experiencia de nuestros expertos, las mejores pr\u00e1cticas internacionales y los desaf\u00edos reales de nuestro sector, para ofrecer una formaci\u00f3n actualizada, accesible y con certificaci\u00f3n de alto nivel.<\/p>\n\n\n\n\n\n\n\n\n<h1>Resultados que respaldan nuestro compromiso<\/h1>\n\n<p>Formar agentes aduaneros con visi\u00f3n t\u00e9cnica, \u00e9tica y regional ha sido nuestra prioridad. Gracias a la confianza del gremio, seguimos creciendo con impacto real en la profesionalizaci\u00f3n del comercio exterior ecuatoriano.\n<\/p>\n\n\n\n\n\n\n\n\n\n\n\n\n\n\n\n\n\n\n\n\n\n\n<h1>\u00daltimos Cursos<\/h1>\n\n\n<p>Seminario internacional sobre tendencias clave en valoraci\u00f3n aduanera. \u00a1Declara bien o pagar\u00e1s m\u00e1s!<\/p>\n<p>VALORACI\u00d3N 2025:<\/p>\n\n\n<p>Seminario<\/p>\n<p>Convi\u00e9rtete en OEA y accede a beneficios que fortalecen la seguridad y agilidad en el comercio exterior.\n\/p>\n\n\n<p>Curso<\/p>\n<p>Optimiza tu labor aduanera con herramientas tecnol\u00f3gicas que mejoran la gesti\u00f3n, control y eficiencia.<\/p>\n\n\n<p>Curso<\/p>\n<p>C\u00f3mo funciona una uni\u00f3n aduanera y sus ventajas para el comercio.\n<\/p>\n\n\n<p>Seminario<\/p>\n<p>Aprende a identificar el origen de mercanc\u00edas y aplica normas clave en tus operaciones aduaneras.\n<\/p>\n\n\n<p>Curso<\/p>\n<p>Domina los INCOTERMS 2020 y mejora tus negociaciones en comercio exterior. \u00a1Aprende a usarlos bien!<\/p>\n\n\n\n\n\n\n\u00bfTienes preguntas?\nEscr\u00edbenos a: capacitacion@feda.com.ec\nO por WhatsApp: \ud83d\udcf1 +593 99 819 9593\n\n\n\n\n\n\n\n<h1>Nuestro Staff<\/h1>\n\n\nEn el \u00e1mbito acad\u00e9mico es docente de la materias realcionadas con Comercio Internacional  y Derecho Aduanero en distintas Intituciones.\n\n\nIngeniero en Sistemas (APEC), posee una Maestr\u00eda en Gerencia del Comercio Internacional (INTEC-UNA) y cuenta con certificaciones internacionales de la OMA.\n\n\nDocente, Consultor y Asesor en Aduanas, Comercio Internacional, Log\u00edstica 4.0, Cadena de Suministros y Blockchain\n\n\nExperto internacional en Negocios Internacionales, Log\u00edstica, Cadenas de Suministro y Operaciones globales.\n\n\n\n\n\n\n<h1>Nuestros Alumnos<\/h1>\n\n\n<p>\u00abLos cursos del Aula Virtual FEDA est\u00e1n alineados con la realidad operativa de nuestros puertos y aeropuertos. Contenido actualizado, pr\u00e1ctico y aplicable desde el d\u00eda uno\u00bb<\/p>\n<p>\u00abGracias a FEDA actualic\u00e9 mis conocimientos en clasificaci\u00f3n arancelaria y obtuve una certificaci\u00f3n reconocida que me abri\u00f3 nuevas oportunidades laborales.\u201d<\/p>\n<p>\u201cParticipar en el diplomado de Comercio Exterior y Sostenibilidad fue una experiencia transformadora. La plataforma es f\u00e1cil de usar y los docentes son de primer nivel.\u201d\n<\/p>\n\n<p><br><\/p>\n\n\n","protected":false},"excerpt":{"rendered":"","protected":false},"author":1,"featured_media":0,"parent":0,"menu_order":0,"comment_status":"closed","ping_status":"closed","template":"","meta":{"pagelayer_contact_templates":[],"_pagelayer_content":"","footnotes":""},"class_list":["post-47","page","type-page","status-publish","hentry"],"_links":{"self":[{"href":"https:\/\/feda.com.ec\/aula\/wp-json\/wp\/v2\/pages\/47","targetHints":{"allow":["GET"]}}],"collection":[{"href":"https:\/\/feda.com.ec\/aula\/wp-json\/wp\/v2\/pages"}],"about":[{"href":"https:\/\/feda.com.ec\/aula\/wp-json\/wp\/v2\/types\/page"}],"author":[{"embeddable":true,"href":"https:\/\/feda.com.ec\/aula\/wp-json\/wp\/v2\/users\/1"}],"replies":[{"embeddable":true,"href":"https:\/\/feda.com.ec\/aula\/wp-json\/wp\/v2\/comments?post=47"}],"version-history":[{"count":85,"href":"https:\/\/feda.com.ec\/aula\/wp-json\/wp\/v2\/pages\/47\/revisions"}],"predecessor-version":[{"id":349,"href":"https:\/\/feda.com.ec\/aula\/wp-json\/wp\/v2\/pages\/47\/revisions\/349"}],"wp:attachment":[{"href":"https:\/\/feda.com.ec\/aula\/wp-json\/wp\/v2\/media?parent=47"}],"curies":[{"name":"wp","href":"https:\/\/api.w.org\/{rel}","templated":true}]}}